{"id":12893,"date":"2023-10-30T10:38:30","date_gmt":"2023-10-30T08:38:30","guid":{"rendered":"https:\/?post_type=mec-events&#038;p=12893"},"modified":"2023-11-30T10:54:57","modified_gmt":"2023-11-30T08:54:57","slug":"riziku-vertinimu-paremtas-planavimas-viesajam-sektoriui","status":"publish","type":"mec-events","link":"https:\/\/vaa.lt\/en\/renginiai\/riziku-vertinimu-paremtas-planavimas-viesajam-sektoriui\/","title":{"rendered":"Rizik\u0173 vertinimu paremtas planavimas vie\u0161ajam sektoriui"},"content":{"rendered":"<div class=\"wpb-content-wrapper\"><div data-vc-full-width=\"true\" data-vc-full-width-temp=\"true\" data-vc-full-width-init=\"false\" class=\"vc_row wpb_row row top-row vc_row-o-equal-height vc_row-o-content-\u201cmiddle\u201c vc_row-flex wpb_custom_034b39d9bc6c6b310d69e39f0ccf274f\"><div class=\"vc_column_container col-md-6\"><div class=\"wpb_wrapper vc_column-inner\"><\/div><\/div><\/div><div class=\"vc_row-full-width vc_clearfix\"><\/div><div data-vc-full-width=\"true\" data-vc-full-width-temp=\"true\" data-vc-full-width-init=\"false\" class=\"vc_row wpb_row row top-row wpb_custom_034b39d9bc6c6b310d69e39f0ccf274f\"><div class=\"vc_column_container col-md-12\"><div class=\"wpb_wrapper vc_column-inner\"><div class=\"vc_empty_space\"   style=\"height: 32px\"><span class=\"vc_empty_space_inner\"><\/span><\/div>\r\n\t<div class=\"wpb_text_column wpb_content_element wpb_custom_7c91d232724f73626cc933bd95b25ff0\" >\r\n\t\t<div class=\"wpb_wrapper\">\r\n\t\t\t<p style=\"text-align: left;\"><span style=\"font-size: 18px;\"><strong>Renginio darbotvark\u0117:<\/strong><\/span><\/p>\n<p style=\"text-align: left;\"><span style=\"font-size: 17px;\"><strong>14.30-14.40<\/strong>\u00a0 Rizik\u0173 vertinimu paremtas planavimas &#8211; gerosios tarptautin\u0117s praktikos.\u00a0 <\/span><\/p>\n<ul>\n<li style=\"text-align: left;\"><span style=\"font-size: 17px;\"><span style=\"color: #006198;\"><strong>Rasa Kislovskien\u0117<\/strong><\/span>\u00a0<a href=\"http:\/\/www.linkedin.com\/in\/kislovskiene\" target=\"_blank\" rel=\"noopener noreferrer\">www.linkedin.com\/in\/kislovskiene<\/a>\u00a0<\/span><\/li>\n<\/ul>\n<p style=\"text-align: left;\"><span style=\"font-size: 17px;\"><strong>14.40- 15.00<\/strong> AB Lietuvos Gele\u017einkeli\u0173 praktika. <\/span><\/p>\n<ul>\n<li style=\"text-align: left;\"><span style=\"font-size: 17px;\"><span style=\"color: #006198;\"><strong>Tomas Rad\u0117nas<\/strong><\/span> \u00a0<a href=\"https:\/\/www.linkedin.com\/in\/tomas-radenas-98915063\/\" target=\"_blank\" rel=\"noopener noreferrer\"><u>https:\/\/www.linkedin.com\/in\/tomas-radenas<\/u><\/a><\/span><\/li>\n<\/ul>\n<p style=\"text-align: left;\"><span style=\"font-size: 17px;\"><strong>15.00-15.20<\/strong> Finans\u0173 ministerijos Vidaus audito ir kontrol\u0117s metodologijos grup\u0117. \u012e\u017evalgos ir l\u016bkes\u010diai. <\/span><\/p>\n<ul>\n<li style=\"text-align: left;\"><span style=\"font-size: 17px;\"><span style=\"color: #006198;\"><strong>Inesa \u0160umskien\u0117<\/strong> <\/span>ir <span style=\"color: #006198;\"><strong>Vida Kasperavi\u010dien\u0117<\/strong><\/span>.\u00a0<\/span><\/li>\n<\/ul>\n<p style=\"text-align: left;\"><span style=\"font-size: 17px;\"><strong>15.20-15.40<\/strong>\u00a0 LR finans\u0173 ministerijos CVAT praktika. <\/span><\/p>\n<ul>\n<li style=\"text-align: left;\"><span style=\"font-size: 17px;\"><span style=\"color: #006198;\"><strong>Rolandas Pau\u017ea<\/strong><\/span>\u00a0<a href=\"https:\/\/www.linkedin.com\/in\/rolandas-pau%C5%BEa-881325b7\/\" target=\"_blank\" rel=\"noopener noreferrer\"><u>https:\/\/www.linkedin.com\/in\/rolandas-pauza<\/u><\/a><\/span><\/li>\n<\/ul>\n<p style=\"text-align: left;\"><span style=\"font-size: 17px;\"><strong>15.40-16.00<\/strong>\u00a0\u00a0LR socialin\u0117s apsaugos ir darbo ministerijos CVAT praktika. <\/span><\/p>\n<ul>\n<li style=\"text-align: left;\"><span style=\"font-size: 17px;\"><span style=\"color: #006198;\"><strong>Vilma Nortkien\u0117<\/strong><\/span>, Centralizuoto vidaus audito skyriaus ved\u0117ja.<\/span><\/li>\n<\/ul>\n<p style=\"text-align: left;\"><span style=\"font-size: 17px;\"><strong>16.00-16.20<\/strong> Asmens sveikatos prie\u017ei\u016bros \u012fstaig\u0173 vidaus audito praktika. <\/span><\/p>\n<ul>\n<li style=\"text-align: left;\"><span style=\"font-size: 17px;\"><span style=\"color: #006198;\"><strong>Ilona Ogurcova<\/strong><\/span>\u00a0<a href=\"https:\/\/www.linkedin.com\/in\/ilona-ogurcova-7245667b\/\" target=\"_blank\" rel=\"noopener noreferrer\"><u>https:\/\/www.linkedin.com\/in\/ilona-ogurcova<\/u><\/a><\/span><\/li>\n<\/ul>\n<p style=\"text-align: left;\"><span style=\"font-size: 17px;\"><strong>16.20-16.40<\/strong>\u00a0Apibendrinimas\u00a0ir rekomendacijos Lietuvos vie\u0161ajam sektoriui. <\/span><\/p>\n<ul>\n<li style=\"text-align: left;\"><span style=\"font-size: 17px;\"><span style=\"color: #006198;\"><strong>Laura Garben\u010di\u016bt\u0117-Bakien\u0117\u00a0<\/strong><\/span><u><a href=\"https:\/\/www.linkedin.com\/in\/lauragarbenciutebakiene\/\" target=\"_blank\" rel=\"noopener noreferrer\">https:\/\/www.linkedin.com\/in\/lauragarbenciutebakiene\/<\/a><\/u><\/span><\/li>\n<\/ul>\n<p style=\"text-align: left;\"><span style=\"font-size: 17px;\"><strong>16.40-17.00<\/strong> diskusija, klausimai\/atsakymai.<\/span><\/p>\n<p style=\"text-align: left;\"><span style=\"font-size: 17px;\"><span style=\"font-size: 18px;\"><strong>Data:<\/strong><\/span> lapkri\u010dio 29 d.<\/span><\/p>\n<p style=\"text-align: left;\"><span style=\"font-size: 17px;\"><span style=\"font-size: 18px;\"><strong>Laikas:<\/strong><\/span> 14:30 &#8211; 17:00\u00a0<\/span><\/p>\n<p style=\"text-align: left;\"><span style=\"font-size: 17px;\"><span style=\"font-size: 18px;\"><strong>Vieta:<\/strong><\/span> MS Teams platforma (prisijungimai bus atsi\u0173sti u\u017esiregistravusiems prie\u0161 rengin\u012f)<\/span><\/p>\n<p style=\"text-align: left;\"><span style=\"font-size: 17px;\"><strong><span style=\"font-size: 18px;\">Kaina:<\/span> renginys nemokamas<\/strong><\/span><\/p>\n<p style=\"text-align: left;\"><span style=\"font-size: 17px;\"><strong>Suteikiami 2,5 CPE.<\/strong><\/span><\/p>\n<p style=\"text-align: left;\"><span style=\"font-size: 17px;\">Jei tur\u0117site klausim\u0173, ra\u0161ykite administravimas@<\/span><\/p>\n\r\n\t\t<\/div>\r\n\t<\/div>\r\n<div class=\"vc_empty_space\"   style=\"height: 32px\"><span class=\"vc_empty_space_inner\"><\/span><\/div>\r\n\t<div class=\"wpb_text_column wpb_content_element wpb_custom_7c91d232724f73626cc933bd95b25ff0\" >\r\n\t\t<div class=\"wpb_wrapper\">\r\n\t\t\t<p style=\"text-align: center;\"><span style=\"font-size: 22px;\"><strong>Registracijos anketa<\/strong><\/span><\/p>\n\r\n\t\t<\/div>\r\n\t<\/div>\r\n<\/div><\/div><\/div><div class=\"vc_row-full-width vc_clearfix\"><\/div>\n<\/div>","protected":false},"excerpt":{"rendered":"Renginio darbotvark\u0117: 14.30-14.40\u00a0 Rizik\u0173 vertinimu paremtas planavimas - gerosios tarptautin\u0117s praktikos.\u00a0 Rasa Kislovskien\u0117\u00a0www.linkedin.com\/in\/kislovskiene\u00a0 14.40- 15.00 AB Lietuvos Gele\u017einkeli\u0173 praktika. Tomas Rad\u0117nas \u00a0https:\/\/www.linkedin.com\/in\/tomas-radenas 15.00-15.20 Finans\u0173 ministerijos Vidaus audito ir kontrol\u0117s metodologijos grup\u0117. \u012e\u017evalgos ir l\u016bkes\u010diai. Inesa \u0160umskien\u0117 ir Vida Kasperavi\u010dien\u0117.\u00a0 15.20-15.40\u00a0 LR finans\u0173 ministerijos CVAT praktika. Rolandas Pau\u017ea\u00a0https:\/\/www.linkedin.com\/in\/rolandas-pauza 15.40-16.00\u00a0\u00a0LR socialin\u0117s apsaugos ir darbo ministerijos CVAT praktika. [...]","protected":false},"author":8,"featured_media":12894,"comment_status":"closed","ping_status":"closed","template":"","tags":[],"mec_category":[202,252],"class_list":["post-12893","mec-events","type-mec-events","status-publish","has-post-thumbnail","hentry","mec_category-apvalaus-stalo-diskusijos","mec_category-seminaras"],"_links":{"self":[{"href":"https:\/\/vaa.lt\/en\/wp-json\/wp\/v2\/mec-events\/12893","targetHints":{"allow":["GET"]}}],"collection":[{"href":"https:\/\/vaa.lt\/en\/wp-json\/wp\/v2\/mec-events"}],"about":[{"href":"https:\/\/vaa.lt\/en\/wp-json\/wp\/v2\/types\/mec-events"}],"author":[{"embeddable":true,"href":"https:\/\/vaa.lt\/en\/wp-json\/wp\/v2\/users\/8"}],"replies":[{"embeddable":true,"href":"https:\/\/vaa.lt\/en\/wp-json\/wp\/v2\/comments?post=12893"}],"wp:featuredmedia":[{"embeddable":true,"href":"https:\/\/vaa.lt\/en\/wp-json\/wp\/v2\/media\/12894"}],"wp:attachment":[{"href":"https:\/\/vaa.lt\/en\/wp-json\/wp\/v2\/media?parent=12893"}],"wp:term":[{"taxonomy":"post_tag","embeddable":true,"href":"https:\/\/vaa.lt\/en\/wp-json\/wp\/v2\/tags?post=12893"},{"taxonomy":"mec_category","embeddable":true,"href":"https:\/\/vaa.lt\/en\/wp-json\/wp\/v2\/mec_category?post=12893"}],"curies":[{"name":"wp","href":"https:\/\/api.w.org\/{rel}","templated":true}]}}