{"id":12267,"date":"2023-02-28T18:32:36","date_gmt":"2023-02-28T16:32:36","guid":{"rendered":"https:\/?post_type=mec-events&#038;p=12267"},"modified":"2023-05-11T12:30:10","modified_gmt":"2023-05-11T09:30:10","slug":"konferencija-vidaus-auditoriai-strateginiai-partneriai","status":"publish","type":"mec-events","link":"https:\/\/vaa.lt\/en\/renginiai\/konferencija-vidaus-auditoriai-strateginiai-partneriai\/","title":{"rendered":"Konferencija: Vidaus auditoriai &#8211; strateginiai partneriai"},"content":{"rendered":"<div class=\"wpb-content-wrapper\"><div data-vc-full-width=\"true\" data-vc-full-width-temp=\"true\" data-vc-full-width-init=\"false\" class=\"vc_row wpb_row row top-row wpb_custom_034b39d9bc6c6b310d69e39f0ccf274f\"><div class=\"vc_column_container col-md-12\"><div class=\"wpb_wrapper vc_column-inner\">\r\n\t<div class=\"wpb_text_column wpb_content_element wpb_custom_7c91d232724f73626cc933bd95b25ff0\" >\r\n\t\t<div class=\"wpb_wrapper\">\r\n\t\t\t<p><span style=\"color: #006198; font-size: 23px;\"><a style=\"color: #006198;\" href=\"https:\/\/\/en\/konferencija\/\"><strong>Vidaus auditori\u0173 konferencija 2023<\/strong><\/a><\/span><\/p>\n\r\n\t\t<\/div>\r\n\t<\/div>\r\n<div class=\"vc_empty_space\"   style=\"height: 5px\"><span class=\"vc_empty_space_inner\"><\/span><\/div>\r\n\t<div class=\"wpb_text_column wpb_content_element wpb_custom_7c91d232724f73626cc933bd95b25ff0\" >\r\n\t\t<div class=\"wpb_wrapper\">\r\n\t\t\t<p style=\"text-align: justify;\"><span style=\"text-decoration: underline; color: #333333;\"><span style=\"font-size: 20px;\"><strong>PROGRAMA<\/strong>:<\/span><\/span><\/p>\n<p style=\"text-align: justify;\"><span style=\"font-size: 18px; color: #333333;\"><strong>8:00 \u2013 8:55 Dalyvi\u0173 registracija<\/strong><\/span><\/p>\n<p style=\"text-align: justify;\"><span style=\"font-size: 18px; color: #333333;\"><strong>8:55 &#8211; 9:00 Konferencijos atidarymas<\/strong><\/span><br \/>\n<span style=\"color: #000000; font-size: 18px;\">VAA valdybos pirminink\u0117 Rasa Kislovskien\u0117<\/span><\/p>\n<p><span style=\"font-size: 18px; color: #333333;\"><strong>9:00 &#8211; 9:30 Vidaus audito vert\u0117 didinant organizacijos kibernetin\u012f atsparum\u0105<\/strong><\/span><br \/>\n<span style=\"font-size: 18px;\">Vilius Benetis, CISA, vyr. kibernetinio saugumo geb\u0117jim\u0173 konsultantas ir vadovas, NRD Cyber Security.<\/span><\/p>\n<p style=\"text-align: justify;\"><span style=\"font-size: 18px; color: #333333;\"><strong>9:30 \u2013 10:00 Holistinis rizikos valdymas: kaip nutiesti tilt\u0105 tarp iliuzijos ir realyb\u0117s?<\/strong><\/span><br \/>\n<span style=\"font-size: 18px;\">Dr. Vilma Nasteckien\u0117, The Holistic Enterprise bendrak\u016br\u0117ja.<\/span><\/p>\n<p style=\"text-align: justify;\"><span style=\"font-size: 18px; color: #333333;\"><strong>10:00 \u2013 10:30 Vidaus audito ataskaitos: stal\u010diui ar poky\u010diui.<\/strong><\/span><br \/>\n<span style=\"font-size: 18px;\">Dr. \u017divil\u0117 Simonaityt\u0117, Vilniaus universiteto d\u0117stytoja, lektor\u0117, konsultant\u0117<strong>.<\/strong><\/span><\/p>\n<p style=\"text-align: justify;\"><span style=\"font-size: 18px; color: #333333;\"><strong>10:30 \u2013 11:00 Kavos pertrauka<\/strong><\/span><\/p>\n<p><span style=\"font-size: 18px; color: #333333;\"><strong>11:00 \u2013 11:30 Informatyvaus saugumo valdymas organizacijoje. Kokiais standartais vadovautis.<\/strong><\/span><br \/>\n<span style=\"font-size: 18px;\">Rytis Rainys, Vinted informacijos saugumo pareig\u016bnas, kibernetinio saugumo ekspertas.<\/span><\/p>\n<p style=\"text-align: justify;\"><span style=\"font-size: 18px; color: #333333;\"><strong>11:30 \u2013 12:00 \u017dmogaus ir technologij\u0173 balansas: kelias \u012f draugyst\u0119.<\/strong><\/span><br \/>\n<span style=\"font-size: 18px;\">R\u016bta Ja\u0161inskien\u0117, informacijos analiz\u0117s ekspert\u0117, NRD Cyber Security.<\/span><\/p>\n<p style=\"text-align: justify;\"><span style=\"font-size: 18px; color: #333333;\"><strong>12:00 \u2013 12:30 Vidaus audito standart\u0173, gairi\u0173, mokym\u0173 naujienos.<\/strong><\/span><br \/>\n<span style=\"font-size: 18px;\">Laura Garben\u010di\u016bt\u0117 \u2013 Bakien\u0117, CIA, QIAL, CRMA, ACCA. Vidaus auditor\u0117, nepriklausoma audito komiteto, valdybos nar\u0117.<\/span><\/p>\n<p style=\"text-align: justify;\"><span style=\"font-size: 18px; color: #333333;\"><strong>12:30 \u2013 13:30 Piet\u0173 pertrauka<\/strong><\/span><\/p>\n<p style=\"text-align: justify;\"><span style=\"font-size: 18px; color: #333333;\"><strong>13:30 \u2013 15:00 Panelin\u0117 diskusija. Vidaus audito statusas organizacijoje: stereotipai ir realyb\u0117.<\/strong><\/span><br \/>\n<span style=\"font-size: 18px;\">Panelin\u0117s diskusijos dalyviai: Rasa Kislovskien\u0117 &#8211; Vidaus auditori\u0173 asociacijos valdybos pirminink\u0117, Jurgita Petrauskien\u0117 &#8211; Valdybos nar\u0117, Vaidotas Balynas &#8211; Valdybos pirmininkas bei Valdybos narys, Jonas Vaitkevi\u010dius &#8211; Finans\u0173 ministerijos Vidaus audito ir kontrol\u0117s metodologijos grup\u0117s vadovas, Inesa \u0160umskien\u0117 &#8211; Finans\u0173 ministerijos Vidaus audito ir kontrol\u0117s metodologijos grup\u0117s patar\u0117ja, Rolandas Rup\u0161ys &#8211; Viceprezidentas globaliems finans\u0173 procesams.<\/span><\/p>\n\r\n\t\t<\/div>\r\n\t<\/div>\r\n\r\n\t<div class=\"wpb_text_column wpb_content_element wpb_custom_7c91d232724f73626cc933bd95b25ff0\" >\r\n\t\t<div class=\"wpb_wrapper\">\r\n\t\t\t<p style=\"text-align: justify;\"><span style=\"font-size: 18px;\"><span style=\"color: #333333;\"><strong>Data:<\/strong> <\/span>2023 m gegu\u017e\u0117s 11 diena<\/span><br \/>\n<span style=\"font-size: 18px;\"><span style=\"color: #333333;\"><strong>Laikas:<\/strong> <\/span>8:00 val iki 15:00 val.<\/span><br \/>\n<span style=\"font-size: 18px;\"><span style=\"color: #333333;\"><strong>Vieta:<\/strong><\/span> Hilton Garden Inn Vilnius City Centre, Gedimino pr. 44B \/ Nuotoliu zoom platforma<\/span><br \/>\n<span style=\"font-size: 18px;\"><span style=\"color: #000000;\"><span style=\"color: #333333;\"><strong>Kaina: <\/strong><\/span>Dalyvaujant<span style=\"color: #333333;\"><strong> gyvai <\/strong><\/span><\/span>VAA nariai 150 eur\/ ne VAA nariai 190 eur , dalyvaujant <span style=\"color: #333333;\"><strong>nuotoliu<\/strong> <\/span>VAA nariai 110 Eur\/ ne VAA nariai 150 eur\u00a0<\/span><\/p>\n<p style=\"text-align: justify;\"><span style=\"font-size: 18px;\">U\u017e dalyvavim\u0105 konferencijoje skiriami <span style=\"color: #333333;\"><strong>6 CPE<\/strong><\/span><\/span><\/p>\n<p style=\"text-align: justify;\"><span style=\"font-size: 18px;\">Kilus organizaciniams klausimams, ra\u0161ykite <strong><span style=\"text-decoration: underline;\"><span style=\"color: #006198; text-decoration: underline;\">administravimas@<\/span><\/span><\/strong>.<\/span><\/p>\n\r\n\t\t<\/div>\r\n\t<\/div>\r\n<div class=\"vc_empty_space\"   style=\"height: 32px\"><span class=\"vc_empty_space_inner\"><\/span><\/div><\/div><\/div><\/div><div class=\"vc_row-full-width vc_clearfix\"><\/div>\n<\/div>","protected":false},"excerpt":{"rendered":"Vidaus auditori\u0173 konferencija 2023 PROGRAMA: 8:00 \u2013 8:55 Dalyvi\u0173 registracija 8:55 - 9:00 Konferencijos atidarymas VAA valdybos pirminink\u0117 Rasa Kislovskien\u0117 9:00 - 9:30 Vidaus audito vert\u0117 didinant organizacijos kibernetin\u012f atsparum\u0105 Vilius Benetis, CISA, vyr. kibernetinio saugumo geb\u0117jim\u0173 konsultantas ir vadovas, NRD Cyber Security. 9:30 \u2013 10:00 Holistinis rizikos valdymas: kaip nutiesti tilt\u0105 tarp iliuzijos ir [...]","protected":false},"author":8,"featured_media":12191,"comment_status":"closed","ping_status":"closed","template":"","tags":[],"mec_category":[251],"class_list":["post-12267","mec-events","type-mec-events","status-publish","has-post-thumbnail","hentry","mec_category-konferencijos"],"_links":{"self":[{"href":"https:\/\/vaa.lt\/en\/wp-json\/wp\/v2\/mec-events\/12267","targetHints":{"allow":["GET"]}}],"collection":[{"href":"https:\/\/vaa.lt\/en\/wp-json\/wp\/v2\/mec-events"}],"about":[{"href":"https:\/\/vaa.lt\/en\/wp-json\/wp\/v2\/types\/mec-events"}],"author":[{"embeddable":true,"href":"https:\/\/vaa.lt\/en\/wp-json\/wp\/v2\/users\/8"}],"replies":[{"embeddable":true,"href":"https:\/\/vaa.lt\/en\/wp-json\/wp\/v2\/comments?post=12267"}],"wp:featuredmedia":[{"embeddable":true,"href":"https:\/\/vaa.lt\/en\/wp-json\/wp\/v2\/media\/12191"}],"wp:attachment":[{"href":"https:\/\/vaa.lt\/en\/wp-json\/wp\/v2\/media?parent=12267"}],"wp:term":[{"taxonomy":"post_tag","embeddable":true,"href":"https:\/\/vaa.lt\/en\/wp-json\/wp\/v2\/tags?post=12267"},{"taxonomy":"mec_category","embeddable":true,"href":"https:\/\/vaa.lt\/en\/wp-json\/wp\/v2\/mec_category?post=12267"}],"curies":[{"name":"wp","href":"https:\/\/api.w.org\/{rel}","templated":true}]}}