{"id":11356,"date":"2023-01-23T15:25:04","date_gmt":"2023-01-23T13:25:04","guid":{"rendered":"https:\/1666371845243\/renginiai\/asd-riziku-valdymas-aviacijos-verslo-grupeje-ar-verta-numoti-ranka-i-kliento-pazinima\/"},"modified":"2023-01-23T15:25:04","modified_gmt":"2023-01-23T13:25:04","slug":"asd-riziku-valdymas-aviacijos-verslo-grupeje-ar-verta-numoti-ranka-i-kliento-pazinima","status":"publish","type":"mec-events","link":"https:\/\/vaa.lt\/en\/renginiai\/asd-riziku-valdymas-aviacijos-verslo-grupeje-ar-verta-numoti-ranka-i-kliento-pazinima\/","title":{"rendered":"ASD: &#8220;Rizik\u0173 valdymas aviacijos verslo grup\u0117je \u2013 ar verta numoti ranka \u012f kliento pa\u017einim\u0105?&#8221;"},"content":{"rendered":"<div class=\"wpb-content-wrapper\"><div class=\"vc_row wpb_row row top-row wpb_custom_034b39d9bc6c6b310d69e39f0ccf274f\"><div class=\"vc_column_container col-md-12\"><div class=\"wpb_wrapper vc_column-inner\">\r\n\t<div class=\"wpb_text_column wpb_content_element wpb_custom_7c91d232724f73626cc933bd95b25ff0\" >\r\n\t\t<div class=\"wpb_wrapper\">\r\n\t\t\t<p>Prane\u0161\u0117jas: <strong><em>Tomas \u017dilinskas<\/em><\/strong> \u2013 ilgamet\u0117 patirtis (daugiau kaip 20 m., i\u0161 j\u0173 10 m. \u2013 vadovavimo patirtis) vie\u0161ojo saugumo bei verslo saugos, rizik\u0173 valdymo (nuo 2017 m. dirbta vienoje did\u017eiausi\u0173 LR valstyb\u0117s valdomoje \u012fmoni\u0173 grup\u0117je) srityse. Darbo patirtis tiek Lietuvos, tiek u\u017esienio kapitalo \u012fmon\u0117se, taip pat 3 m. atstovauta Lietuvos Respublikai kaip teis\u0117saugos ata\u0161\u0117 Briuselyje. Rizik\u0173 valdymas ir vertinimas <strong><em>T. \u017dilinsk\u0105<\/em><\/strong> i\u0161 esm\u0117s lyd\u0117jo ir tebelydi visos profesin\u0117s karjeros metu: \u0161iuo metu <strong><em>T. \u017dilinskas<\/em><\/strong> (nuo 2019 m. pavasario) eina Rizik\u0173 valdymo departamento direktoriaus pareigas <em>Avia Solutions Group<\/em> bei vykdo valdybos nario pareigas vienoje i\u0161 grup\u0117s \u012fmoni\u0173 (<em>Henan Aviation Investment Training Co., Ltd<\/em>).<\/p>\n<p>&nbsp;<\/p>\n<p><strong>Vieta<\/strong>: Vilniaus lenk\u0173 kult\u016bros namai, Naugarduko g. 76, Vilnius.<\/p>\n<p><strong>Laikas<\/strong>: 2020-02-27 d., 16:00 \u2013 18:00 val. (laukiame j\u016bs\u0173 atvykstant nuo 15:40 val.).<\/p>\n<p>Renginys skirtas tik VAA nariams. U\u017e rengin\u012f skiriami <strong>2 CPE<\/strong>.<\/p>\n<p>&nbsp;<\/p>\n<p><strong>Registracija \u012f \u0161\u012f rengin\u012f, d\u0117l riboto viet\u0173 skai\u010diaus, u\u017edaryta.<\/strong><\/p>\n<p><strong>D\u0117l \u012ftraukimo \u012f rezervin\u012f s\u0105ra\u0161\u0105 kreipkit\u0117s \u012f renginio organizator\u0119 Nomed\u0105 Patackien\u0119 (el.pa\u0161tas <a href=\"mailto:nomeda.patackiene@\" rel=\"noreferrer\">nomeda.patackiene@<\/a>). Apie atsiradusi\u0105 galimyb\u0119 (esantys rezerviniame s\u0105ra\u0161e) busite informuoti asmeniniu el.lai\u0161ku ne v\u0117liau kaip 2 dienos iki renginio.<\/strong><\/p>\n\r\n\t\t<\/div>\r\n\t<\/div>\r\n<div class=\"porto-u-heading  wpb_custom_95aa9a11c17ad45cfabaf210d84ee7cc porto-u-55ca8359258f9a412be7e73af65d2aac\"><style>.porto-u-55ca8359258f9a412be7e73af65d2aac.porto-u-heading{text-align:center}<\/style><\/div><div class=\"vc_empty_space\"   style=\"height: 32px\"><span class=\"vc_empty_space_inner\"><\/span><\/div><\/div><\/div><\/div>\n<\/div>","protected":false},"excerpt":{"rendered":"Prane\u0161\u0117jas: Tomas \u017dilinskas \u2013 ilgamet\u0117 patirtis (daugiau kaip 20 m., i\u0161 j\u0173 10 m. \u2013 vadovavimo patirtis) vie\u0161ojo saugumo bei verslo saugos, rizik\u0173 valdymo (nuo 2017 m. dirbta vienoje did\u017eiausi\u0173 LR valstyb\u0117s valdomoje \u012fmoni\u0173 grup\u0117je) srityse. Darbo patirtis tiek Lietuvos, tiek u\u017esienio kapitalo \u012fmon\u0117se, taip pat 3 m. atstovauta Lietuvos Respublikai kaip teis\u0117saugos ata\u0161\u0117 Briuselyje. [...]","protected":false},"author":1,"featured_media":0,"comment_status":"open","ping_status":"closed","template":"","tags":[],"mec_category":[202],"class_list":["post-11356","mec-events","type-mec-events","status-publish","hentry","mec_category-apvalaus-stalo-diskusijos"],"_links":{"self":[{"href":"https:\/\/vaa.lt\/en\/wp-json\/wp\/v2\/mec-events\/11356","targetHints":{"allow":["GET"]}}],"collection":[{"href":"https:\/\/vaa.lt\/en\/wp-json\/wp\/v2\/mec-events"}],"about":[{"href":"https:\/\/vaa.lt\/en\/wp-json\/wp\/v2\/types\/mec-events"}],"author":[{"embeddable":true,"href":"https:\/\/vaa.lt\/en\/wp-json\/wp\/v2\/users\/1"}],"replies":[{"embeddable":true,"href":"https:\/\/vaa.lt\/en\/wp-json\/wp\/v2\/comments?post=11356"}],"wp:attachment":[{"href":"https:\/\/vaa.lt\/en\/wp-json\/wp\/v2\/media?parent=11356"}],"wp:term":[{"taxonomy":"post_tag","embeddable":true,"href":"https:\/\/vaa.lt\/en\/wp-json\/wp\/v2\/tags?post=11356"},{"taxonomy":"mec_category","embeddable":true,"href":"https:\/\/vaa.lt\/en\/wp-json\/wp\/v2\/mec_category?post=11356"}],"curies":[{"name":"wp","href":"https:\/\/api.w.org\/{rel}","templated":true}]}}